{"id":1277,"date":"2025-11-27T21:02:39","date_gmt":"2025-11-27T20:02:39","guid":{"rendered":"http:\/\/wordpress.offlanges.fr\/index.php\/demarches-administratives\/"},"modified":"2025-12-18T11:24:28","modified_gmt":"2025-12-18T10:24:28","slug":"demarches-administratives","status":"publish","type":"page","link":"https:\/\/www.offlanges.fr\/index.php\/demarches-administratives\/","title":{"rendered":"D\u00e9marches administratives"},"content":{"rendered":"\n<div class=\"wp-block-group alignfull is-layout-flow wp-container-core-group-is-layout-86079e8b wp-block-group-is-layout-flow\">\n<div class=\"wp-block-group is-layout-flow wp-block-group-is-layout-flow\" style=\"margin-top:0;margin-bottom:0;padding-top:0;padding-bottom:0\">\n<div class=\"wp-block-columns alignfull has-background is-layout-flex wp-container-core-columns-is-layout-83d8d5f7 wp-block-columns-is-layout-flex\" style=\"background-color:#f5f5f5;padding-top:0;padding-right:0;padding-bottom:0;padding-left:0\">\n<div class=\"wp-block-column is-layout-flow wp-block-column-is-layout-flow\" style=\"flex-basis:50%\">\n<div class=\"wp-block-cover is-light has-aspect-ratio\" style=\"min-height:550px;aspect-ratio:16\/9;min-height:unset;\"><img loading=\"lazy\" decoding=\"async\" width=\"2000\" height=\"1500\" class=\"wp-block-cover__image-background wp-image-1281 size-full\" alt=\"\" src=\"https:\/\/www.offlanges.fr\/wp-content\/uploads\/2025\/11\/Mairie.jpg\" data-object-fit=\"cover\" srcset=\"https:\/\/www.offlanges.fr\/wp-content\/uploads\/2025\/11\/Mairie.jpg 2000w, https:\/\/www.offlanges.fr\/wp-content\/uploads\/2025\/11\/Mairie-300x225.jpg 300w, https:\/\/www.offlanges.fr\/wp-content\/uploads\/2025\/11\/Mairie-1024x768.jpg 1024w, https:\/\/www.offlanges.fr\/wp-content\/uploads\/2025\/11\/Mairie-768x576.jpg 768w, https:\/\/www.offlanges.fr\/wp-content\/uploads\/2025\/11\/Mairie-1536x1152.jpg 1536w, https:\/\/www.offlanges.fr\/wp-content\/uploads\/2025\/11\/Mairie-1440x1080.jpg 1440w\" sizes=\"auto, (max-width: 2000px) 100vw, 2000px\" \/><span aria-hidden=\"true\" class=\"wp-block-cover__background has-background-dim-0 has-background-dim\" style=\"background-color:#85827f\"><\/span><div class=\"wp-block-cover__inner-container is-layout-flow wp-block-cover-is-layout-flow\">\n<p class=\"has-text-align-center has-large-font-size\"><\/p>\n<\/div><\/div>\n<\/div>\n\n\n\n<div class=\"wp-block-column is-vertically-aligned-top has-global-padding is-layout-constrained wp-block-column-is-layout-constrained\" style=\"flex-basis:50%\">\n<div class=\"wp-block-group is-layout-flow wp-container-core-group-is-layout-a77db08e wp-block-group-is-layout-flow\">\n<h2 class=\"wp-block-heading\" style=\"padding-top:30px;padding-right:60px;padding-bottom:30px;padding-left:60px;font-size:clamp(24.034px, 1.502rem + ((1vw - 3.2px) * 1.597), 40px);line-height:1.3\">Notre <mark style=\"background-color:rgba(0, 0, 0, 0);color:#0693e3\" class=\"has-inline-color\">mairie<\/mark><\/h2>\n\n\n\n<p style=\"padding-right:60px;padding-bottom:30px;padding-left:60px\">Certaines de ces d\u00e9marches sont r\u00e9alisables \u00e0 la mairie d&rsquo;Offlanges, d&rsquo;autres n\u00e9cessitent un d\u00e9placement dans une autre mairie <em>(carte d&rsquo;identit\u00e9 et passeport par exemple)<\/em> ou peuvent \u00eatre r\u00e9alis\u00e9es en ligne, sur le portail du Gouvernement.<\/p>\n<\/div>\n<\/div>\n<\/div>\n<\/div>\n\n\n\n<div class=\"wp-block-group has-background is-layout-flow wp-block-group-is-layout-flow\" style=\"background-color:#f5f5f5;margin-top:0;margin-bottom:0;padding-top:20px;padding-bottom:0\">\n<div class=\"wp-block-esab-accordion esab-viexirvv nested-accordion\" data-mode=\"global\" data-close=\"true\"><div class=\"esab__container\">\n<div class=\"wp-block-esab-accordion-child bs__two\"><div class=\"esab__head esab__head_reverse\" role=\"button\" aria-expanded=\"false\"><div class=\"esab__heading_txt\"><div class=\"esab__icon\"><div class=\"esab__heading_icon\">  <\/div><\/div><p class=\"esab__heading_tag\">Inscription sur les listes \u00e9lectorales<\/p><\/div><div class=\"esab__icon\"><div class=\"esab__collapse\"> <svg xmlns=\"http:\/\/www.w3.org\/2000\/svg\" width=\"24\" height=\"24\" fill=\"currentColor\" viewBox=\"0 0 16 16\"><path fill-rule=\"evenodd\" d=\"M4.646 1.646a.5.5 0 0 1 .708 0l6 6a.5.5 0 0 1 0 .708l-6 6a.5.5 0 0 1-.708-.708L10.293 8 4.646 2.354a.5.5 0 0 1 0-.708\"><\/path><\/svg> <\/div><div class=\"esab__expand\"> <svg version=\"1.1\" id=\"Layer_1\" x=\"0px\" y=\"0px\" viewBox=\"0 0 512 512\"><path d=\"M505.752,123.582c-8.331-8.331-21.839-8.331-30.17,0L256,343.163L36.418,123.582c-8.331-8.331-21.839-8.331-30.17,0 s-8.331,21.839,0,30.17l234.667,234.667c8.331,8.331,21.839,8.331,30.17,0l234.667-234.667 C514.083,145.42,514.083,131.913,505.752,123.582z\"><\/path><\/svg> <\/div><\/div><\/div><div class=\"esab__body\">\n<p class=\"has-link-color wp-elements-4204dda2390a7f494ccbd47255facaa8\">Lors d\u2019un d\u00e9m\u00e9nagement ou \u00e0 votre majorit\u00e9, n\u2019oubliez pas de vous inscrire sur les listes \u00e9lectorales de votre commune. Une d\u00e9marche en ligne est possible, dont vous trouverez les d\u00e9tails sur le site officiel de l\u2019Etat : <a href=\"https:\/\/www.service-public.fr\/particuliers\/vosdroits\/R16396\" target=\"_blank\" rel=\"noreferrer noopener\">www.service-public.fr\/particuliers\/vosdroits\/R16396<\/a><\/p>\n\n\n\n<p>Vous pouvez \u00e9galement vous adresser au secr\u00e9tariat de Mairie qui vous renseignera : 03 84 70 36 29.<\/p>\n<\/div><\/div>\n\n\n\n<div class=\"wp-block-esab-accordion-child bs__two\"><div class=\"esab__head esab__head_reverse\" role=\"button\" aria-expanded=\"false\"><div class=\"esab__heading_txt\"><div class=\"esab__icon\"><div class=\"esab__heading_icon\">  <\/div><\/div><p class=\"esab__heading_tag\">Demande de carte nationale d&rsquo;identit\u00e9 et de passeport<\/p><\/div><div class=\"esab__icon\"><div class=\"esab__collapse\"> <svg xmlns=\"http:\/\/www.w3.org\/2000\/svg\" width=\"24\" height=\"24\" fill=\"currentColor\" viewBox=\"0 0 16 16\"><path fill-rule=\"evenodd\" d=\"M4.646 1.646a.5.5 0 0 1 .708 0l6 6a.5.5 0 0 1 0 .708l-6 6a.5.5 0 0 1-.708-.708L10.293 8 4.646 2.354a.5.5 0 0 1 0-.708\"><\/path><\/svg> <\/div><div class=\"esab__expand\"> <svg version=\"1.1\" id=\"Layer_1\" x=\"0px\" y=\"0px\" viewBox=\"0 0 512 512\"><path d=\"M505.752,123.582c-8.331-8.331-21.839-8.331-30.17,0L256,343.163L36.418,123.582c-8.331-8.331-21.839-8.331-30.17,0 s-8.331,21.839,0,30.17l234.667,234.667c8.331,8.331,21.839,8.331,30.17,0l234.667-234.667 C514.083,145.42,514.083,131.913,505.752,123.582z\"><\/path><\/svg> <\/div><\/div><\/div><div class=\"esab__body\">\n<p class=\"has-link-color wp-elements-4a3d128231a8e9f23dc17464534eef9d\">Le site&nbsp;<a href=\"http:\/\/www.service-public.fr\/\" target=\"_blank\" rel=\"noreferrer noopener\">www.service-public.fr<\/a>&nbsp;pr\u00e9cise les d\u00e9marches et documents n\u00e9cessaires pour une premi\u00e8re demande, un renouvellement, perte ou vol de carte nationale d\u2019identit\u00e9 et de passeport.<\/p>\n\n\n\n<ul class=\"wp-block-list\">\n<li class=\"has-link-color wp-elements-eef22c344791f6cd4a0e276d9c3de240\">une carte nationale d&rsquo;identit\u00e9 sur :&nbsp;<a href=\"https:\/\/www.service-public.fr\/particuliers\/vosdroits\/N358\" target=\"_blank\" rel=\"noreferrer noopener\">www.service-public.fr\/particuliers\/vosdroits\/N358<\/a><\/li>\n\n\n\n<li class=\"has-link-color wp-elements-4ba9296b99afbc96d66c080da016f2ec\">un passeport sur :&nbsp;<a href=\"https:\/\/www.service-public.fr\/particuliers\/vosdroits\/N360\" target=\"_blank\" rel=\"noreferrer noopener\">www.service-public.fr\/particuliers\/vosdroits\/N360<\/a><\/li>\n<\/ul>\n\n\n\n<p class=\"has-link-color wp-elements-0ec3a9d322f7325186558bfcd652d552\">Localement, l&rsquo;espace France Services de Moissey propose un service de recueil d\u00e9livrant CNI et passeports. Il est obligatoire de prendre rendez-vous au pr\u00e9alable de toutes d\u00e9marches. Pour plus d\u2019informations :&nbsp;<a href=\"https:\/\/moissey.fr\/demande-de-carte-didentite-et-ou-passeport\/\" target=\"_blank\" rel=\"noreferrer noopener\">moissey.fr\/demande-de-carte-didentite-et-ou-passeport<\/a><\/p>\n<\/div><\/div>\n\n\n\n<div class=\"wp-block-esab-accordion-child bs__two\"><div class=\"esab__head esab__head_reverse\" role=\"button\" aria-expanded=\"false\"><div class=\"esab__heading_txt\"><div class=\"esab__icon\"><div class=\"esab__heading_icon\">  <\/div><\/div><p class=\"esab__heading_tag\">Recensement citoyen<\/p><\/div><div class=\"esab__icon\"><div class=\"esab__collapse\"> <svg xmlns=\"http:\/\/www.w3.org\/2000\/svg\" width=\"24\" height=\"24\" fill=\"currentColor\" viewBox=\"0 0 16 16\"><path fill-rule=\"evenodd\" d=\"M4.646 1.646a.5.5 0 0 1 .708 0l6 6a.5.5 0 0 1 0 .708l-6 6a.5.5 0 0 1-.708-.708L10.293 8 4.646 2.354a.5.5 0 0 1 0-.708\"><\/path><\/svg> <\/div><div class=\"esab__expand\"> <svg version=\"1.1\" id=\"Layer_1\" x=\"0px\" y=\"0px\" viewBox=\"0 0 512 512\"><path d=\"M505.752,123.582c-8.331-8.331-21.839-8.331-30.17,0L256,343.163L36.418,123.582c-8.331-8.331-21.839-8.331-30.17,0 s-8.331,21.839,0,30.17l234.667,234.667c8.331,8.331,21.839,8.331,30.17,0l234.667-234.667 C514.083,145.42,514.083,131.913,505.752,123.582z\"><\/path><\/svg> <\/div><\/div><\/div><div class=\"esab__body\">\n<p>Le recensement citoyen <em>(appel\u00e9 parfois recensement militaire)<\/em> est obligatoire pour toutes les personnes de nationalit\u00e9 fran\u00e7aise de 16 ans, que vous viviez en France ou \u00e0 l\u2019\u00e9tranger.&nbsp;<\/p>\n\n\n\n<p class=\"has-link-color wp-elements-748d6908cf6c10284b520b3e2d61f417\" style=\"padding-top:10px;padding-right:20px;padding-bottom:10px;padding-left:20px\">Pour conna\u00eetre les d\u00e9marches \u00e0 effectuer, rendez-vous sur le site officiel de l\u2019Etat :&nbsp;<a href=\"https:\/\/www.service-public.fr\/particuliers\/vosdroits\/F870\" target=\"_blank\" rel=\"noreferrer noopener\">www.service-public.fr\/particuliers\/vosdroits\/F870<\/a><\/p>\n\n\n\n<p>Vous pouvez \u00e9galement vous adresser au secr\u00e9tariat de Mairie qui vous renseignera : 03 84&nbsp;70 36 29.<\/p>\n<\/div><\/div>\n\n\n\n<div class=\"wp-block-esab-accordion-child bs__two\"><div class=\"esab__head esab__head_reverse\" role=\"button\" aria-expanded=\"false\"><div class=\"esab__heading_txt\"><div class=\"esab__icon\"><div class=\"esab__heading_icon\">  <\/div><\/div><p class=\"esab__heading_tag\">Demande d&rsquo;actes d&rsquo;\u00e9tat civil <em>(naissance, d\u00e9c\u00e8s, mariage)<\/em><\/p><\/div><div class=\"esab__icon\"><div class=\"esab__collapse\"> <svg xmlns=\"http:\/\/www.w3.org\/2000\/svg\" width=\"24\" height=\"24\" fill=\"currentColor\" viewBox=\"0 0 16 16\"><path fill-rule=\"evenodd\" d=\"M4.646 1.646a.5.5 0 0 1 .708 0l6 6a.5.5 0 0 1 0 .708l-6 6a.5.5 0 0 1-.708-.708L10.293 8 4.646 2.354a.5.5 0 0 1 0-.708\"><\/path><\/svg> <\/div><div class=\"esab__expand\"> <svg version=\"1.1\" id=\"Layer_1\" x=\"0px\" y=\"0px\" viewBox=\"0 0 512 512\"><path d=\"M505.752,123.582c-8.331-8.331-21.839-8.331-30.17,0L256,343.163L36.418,123.582c-8.331-8.331-21.839-8.331-30.17,0 s-8.331,21.839,0,30.17l234.667,234.667c8.331,8.331,21.839,8.331,30.17,0l234.667-234.667 C514.083,145.42,514.083,131.913,505.752,123.582z\"><\/path><\/svg> <\/div><\/div><\/div><div class=\"esab__body\">\n<p class=\"has-link-color wp-elements-112eac9559b37bf739cea1091d64c7ad\">Pour conna\u00eetre les d\u00e9marches \u00e0 affecter afin d&rsquo;obtenir un acte d\u2019\u00e9tat civil <em>(acte de naissance, acte de mariage ou acte de d\u00e9c\u00e8s)<\/em>, vous pouvez consulter le site officiel de l\u2019\u00c9tat :\u00a0<a href=\"https:\/\/www.service-public.fr\/particuliers\/vosdroits\/N359\" target=\"_blank\" rel=\"noreferrer noopener\">www.service-public.fr\/particuliers\/vosdroits\/N359<\/a><\/p>\n\n\n\n<p>Vous pouvez \u00e9galement vous adresser au secr\u00e9tariat de Mairie qui vous renseignera : 03 84&nbsp;70 36 29.<\/p>\n<\/div><\/div>\n\n\n\n<div class=\"wp-block-esab-accordion-child bs__two\"><div class=\"esab__head esab__head_reverse\" role=\"button\" aria-expanded=\"false\"><div class=\"esab__heading_txt\"><div class=\"esab__icon\"><div class=\"esab__heading_icon\">  <\/div><\/div><p class=\"esab__heading_tag\">Cimeti\u00e8re<\/p><\/div><div class=\"esab__icon\"><div class=\"esab__collapse\"> <svg xmlns=\"http:\/\/www.w3.org\/2000\/svg\" width=\"24\" height=\"24\" fill=\"currentColor\" viewBox=\"0 0 16 16\"><path fill-rule=\"evenodd\" d=\"M4.646 1.646a.5.5 0 0 1 .708 0l6 6a.5.5 0 0 1 0 .708l-6 6a.5.5 0 0 1-.708-.708L10.293 8 4.646 2.354a.5.5 0 0 1 0-.708\"><\/path><\/svg> <\/div><div class=\"esab__expand\"> <svg version=\"1.1\" id=\"Layer_1\" x=\"0px\" y=\"0px\" viewBox=\"0 0 512 512\"><path d=\"M505.752,123.582c-8.331-8.331-21.839-8.331-30.17,0L256,343.163L36.418,123.582c-8.331-8.331-21.839-8.331-30.17,0 s-8.331,21.839,0,30.17l234.667,234.667c8.331,8.331,21.839,8.331,30.17,0l234.667-234.667 C514.083,145.42,514.083,131.913,505.752,123.582z\"><\/path><\/svg> <\/div><\/div><\/div><div class=\"esab__body\">\n<p class=\"has-link-color wp-elements-5e6f2a306daffa9517e3fcf375ca9c91\">Le r\u00e8glement du cimeti\u00e8re est consultable ici :&nbsp;<a href=\"https:\/\/www.offlanges.fr\/wp-content\/uploads\/2025\/11\/REGLEMENT-CIMETIERE-2012.pdf\" target=\"_blank\" rel=\"noreferrer noopener\">R\u00e8glement du cimeti\u00e8re<\/a>.<\/p>\n\n\n\n<p>Vous pouvez \u00e9galement vous adresser au secr\u00e9tariat de Mairie qui vous renseignera : 03 84&nbsp;70 36 29.<\/p>\n<\/div><\/div>\n<\/div><\/div>\n<\/div>\n<\/div>\n","protected":false},"excerpt":{"rendered":"<p>Notre mairie Certaines de ces d\u00e9marches sont r\u00e9alisables \u00e0 la mairie d&rsquo;Offlanges, d&rsquo;autres n\u00e9cessitent un d\u00e9placement dans une autre mairie (carte d&rsquo;identit\u00e9 et passeport par exemple) ou peuvent \u00eatre r\u00e9alis\u00e9es en ligne, sur le portail du Gouvernement.<\/p>\n","protected":false},"author":1,"featured_media":0,"parent":0,"menu_order":0,"comment_status":"closed","ping_status":"closed","template":"avec-cadre-titre","meta":{"footnotes":""},"class_list":["post-1277","page","type-page","status-publish","hentry"],"_links":{"self":[{"href":"https:\/\/www.offlanges.fr\/index.php\/wp-json\/wp\/v2\/pages\/1277","targetHints":{"allow":["GET"]}}],"collection":[{"href":"https:\/\/www.offlanges.fr\/index.php\/wp-json\/wp\/v2\/pages"}],"about":[{"href":"https:\/\/www.offlanges.fr\/index.php\/wp-json\/wp\/v2\/types\/page"}],"author":[{"embeddable":true,"href":"https:\/\/www.offlanges.fr\/index.php\/wp-json\/wp\/v2\/users\/1"}],"replies":[{"embeddable":true,"href":"https:\/\/www.offlanges.fr\/index.php\/wp-json\/wp\/v2\/comments?post=1277"}],"version-history":[{"count":204,"href":"https:\/\/www.offlanges.fr\/index.php\/wp-json\/wp\/v2\/pages\/1277\/revisions"}],"predecessor-version":[{"id":4530,"href":"https:\/\/www.offlanges.fr\/index.php\/wp-json\/wp\/v2\/pages\/1277\/revisions\/4530"}],"wp:attachment":[{"href":"https:\/\/www.offlanges.fr\/index.php\/wp-json\/wp\/v2\/media?parent=1277"}],"curies":[{"name":"wp","href":"https:\/\/api.w.org\/{rel}","templated":true}]}}